{"id":697,"date":"2018-01-25T12:56:14","date_gmt":"2018-01-25T12:56:14","guid":{"rendered":"http:\/\/www.traxgo.be\/over-traxgo\/"},"modified":"2025-12-19T08:51:41","modified_gmt":"2025-12-19T08:51:41","slug":"traxgo-qui-sommes-nous","status":"publish","type":"page","link":"https:\/\/www.traxgo.be\/fr\/traxgo-qui-sommes-nous\/","title":{"rendered":"TRAXGO QUI SOMMES-NOUS?"},"content":{"rendered":"<h2>Historique<\/h2>\n<p><strong>Lecatecs a \u00e9t\u00e9 fond\u00e9e en 2003 par Bart Cappon et Jerry Lefebvre<\/strong>. L'objectif consistait \u00e0 retrouver ais\u00e9ment un v\u00e9hicule vol\u00e9. L'\u00e9coute de nos clients a mis \u00e0 jour des demandes plus importantes pour d'autres applications.<\/p>\n<p><strong>Depuis 2008, l'entreprise s'appelle Traxgo<\/strong>. Nous avons continu\u00e9 \u00e0 investir dans les nouvelles technologies et la R&amp;D et avons connu ainsi une croissance continue. Les locaux de Waregem sont rapidement devenus trop petits, et nous avons donc d\u00e9m\u00e9nag\u00e9 vers un nouvel immeuble. Gr\u00e2ce \u00e0 une croissance plus rapide, de nouveaux d\u00e9veloppements et l'extension de notre \u00e9quipe,\u00a0<strong>Traxgo a pris en 2015 le titre d'entreprise de croissance <\/strong>par le gouvernement flamand. En 2016, l'\u00e9quipe de direction a \u00e9t\u00e9 renforc\u00e9e avec l'arriv\u00e9e de Frederik Depuydt et Rudy Vuylsteke.<\/p>\n<p>Apr\u00e8s avoir int\u00e9gr\u00e9 une <strong>soci\u00e9t\u00e9 de logiciels<\/strong> \u00e0 son activit\u00e9 principale en <strong>2018<\/strong>, elle a \u00e9galement \u00e9t\u00e9 <strong>nomin\u00e9e aux Trends Gazelle<\/strong> pour la Flandre occidentale au d\u00e9but de l\u2019ann\u00e9e <strong>2020<\/strong>. Gr\u00e2ce \u00e0 la reprise de l'entreprise anversoise \"Track &amp; Trace\" la m\u00eame ann\u00e9e, Traxgo confirme ses ambitions. Fin <strong>2022<\/strong>, Traxgo a rejoint <a href=\"https:\/\/www.traxgo.be\/fr\/traxgo-rejoint-clifford-international-group\/\">le groupe Clifford International<\/a>, qui \u00e0 son tour est devenu partie int\u00e9grante du <a href=\"https:\/\/www.traxgo.be\/fr\/traxgo-fait-partie-de-la-nouvelle-branche-iot-daddsecure\/\">su\u00e9dois AddSecure<\/a> en <strong>2023<\/strong>. Cela nous permet d\u2019acc\u00e9l\u00e9rer encore la croissance de ces derni\u00e8res ann\u00e9es.<\/p>\n<p>&nbsp;<\/p>\n<div style=\"border-top: Solid 2px #EEEEEE;\">\n<div style=\"display: inline-block; float: left; margin-right: 35px; border-left: Solid 2px #EEEEEE; padding-left: 15px; padding-top: 5px;\"><i class=\"fa fa-check\" style=\"color: #a4b3cc;\" aria-hidden=\"true\"><\/i> <strong>2003<\/strong><br \/>\n<em>Fond\u00e9 comme Lecatecs<\/em>&nbsp;<\/p>\n<p><i class=\"fa fa-check\" style=\"color: #a4b3cc;\" aria-hidden=\"true\"><\/i> <strong>2008<\/strong><br \/>\n<em>Changement de nom en Traxgo<\/em><\/p>\n<p><i class=\"fa fa-check\" style=\"color: #a4b3cc;\" aria-hidden=\"true\"><\/i> <strong>2013<\/strong><br \/>\n<em>D\u00e9m\u00e9nagement \u00e0 Dottignies (BE)<\/em><\/p>\n<p><i class=\"fa fa-check\" style=\"color: #a4b3cc;\" aria-hidden=\"true\"><\/i> <strong>2015<\/strong><br \/>\n<em>Reconnue comme entreprise de croissance<\/em><\/p>\n<\/div>\n<div style=\"display: inline-block; float: left; margin-right: 35px; border-left: Solid 2px #EEEEEE; padding-left: 15px; padding-top: 5px;\"><i class=\"fa fa-check\" style=\"color: #a4b3cc;\" aria-hidden=\"true\"><\/i> <strong>2016<\/strong><br \/>\n<em>Extension \u00e9quipe de direction<\/em>&nbsp;<\/p>\n<p><i class=\"fa fa-check\" style=\"color: #a4b3cc;\" aria-hidden=\"true\"><\/i> <strong>2018<\/strong><br \/>\n<em>Integration soci\u00e9t\u00e9 de logiciels<\/em><\/p>\n<p><i class=\"fa fa-check\" style=\"color: #a4b3cc;\" aria-hidden=\"true\"><\/i> <strong>2020<\/strong><br \/>\n<em>Acquisition \"Track &amp; Trace\"<\/em><\/p>\n<p><i class=\"fa fa-check\" style=\"color: #a4b3cc;\" aria-hidden=\"true\"><\/i> <strong>2022<\/strong><br \/>\n<em>Partie de Clifford International Group<\/em><\/p>\n<\/div>\n<div style=\"display: inline-block; float: left; margin-right: 35px; border-left: Solid 2px #EEEEEE; padding-left: 15px; padding-top: 5px;\"><i class=\"fa fa-check\" style=\"color: #a4b3cc;\" aria-hidden=\"true\"><\/i> <strong>2023<\/strong><br \/>\n<em>Expansion aux Pays-Bas<\/em><br \/>\n<em>Partie d'AddSecure<\/em>&nbsp;<\/p>\n<p><i class=\"fa fa-check\" style=\"color: #a4b3cc;\" aria-hidden=\"true\"><\/i> <strong>2024<\/strong><br \/>\n<em>D\u00e9m\u00e9nagement \u00e0 Waregem (BE)<\/em><br \/>\n<em>Acquisition \"Connecting Solutions\"<\/em><\/p>\n<\/div>\n<\/div>\n<p style=\"clear: both;\"><span style=\"color: #ffffff;\">-<\/span><\/p>\n<h2>Vision &amp; valeurs<\/h2>\n<p><img loading=\"lazy\" decoding=\"async\" class=\"alignright wp-image-7122\" title=\"track and trace - checkinatwork - ERP - CRM en CMS\" src=\"https:\/\/www.traxgo.be\/wp-content\/uploads\/2020\/11\/team-hands.jpg\" alt=\"track and trace - checkinatwork - ERP - CRM en CMS\" width=\"510\" height=\"302\" srcset=\"https:\/\/www.traxgo.be\/wp-content\/uploads\/2020\/11\/team-hands.jpg 801w, https:\/\/www.traxgo.be\/wp-content\/uploads\/2020\/11\/team-hands-300x178.jpg 300w, https:\/\/www.traxgo.be\/wp-content\/uploads\/2020\/11\/team-hands-768x455.jpg 768w\" sizes=\"auto, (max-width: 510px) 100vw, 510px\" \/>En tant que partenaire sp\u00e9cialis\u00e9 et certifi\u00e9 ISO, Traxgo propose sa plate-forme pour la collecte, le stockage et le traitement en temps r\u00e9el de donn\u00e9es mobiles. Sur la base des donn\u00e9es disponibles, nous fournissons au client \u2014 sur smartphone, PC et tablette \u2014 des vues d\u00e9taill\u00e9es et des avis sur ses activit\u00e9s, pour diverses applications et dans divers secteurs.<\/p>\n<p>Notre organisation et nos collaborateurs privil\u00e9gient\u00a0<strong>le souci du r\u00e9sultat<\/strong>,\u00a0<strong>le service\u00a0<\/strong>et\u00a0<strong>le respect<\/strong>. Notre \u00e9quipe soud\u00e9e se d\u00e9marque par sa coll\u00e9gialit\u00e9. Cela constitue la base de la satisfaction ultime du client. Nous pla\u00e7ons la barre tr\u00e8s haut et recherchons la meilleure solution pour nos clients.<\/p>\n<p><a href=\"#contact\">Prenez contact avec nous<\/a>, et voyons ensemble comment nous pouvons vous fournir une valeur ajout\u00e9e.<\/p>\n<p><a class=\"button\" href=\"http:\/\/www.traxgo.be\/fr\/online-track-et-trace-et-systemes-de-localisation\/\">Nos solutions de suivi<\/a><\/p>\n","protected":false},"excerpt":{"rendered":"<p>Historique Lecatecs a \u00e9t\u00e9 fond\u00e9e en 2003 par Bart Cappon et Jerry Lefebvre. L'objectif consistait \u00e0 retrouver ais\u00e9ment un v\u00e9hicule vol\u00e9. L'\u00e9coute de nos clients a mis \u00e0 jour des demandes plus importantes pour d'autres applications. Depuis 2008, l'entreprise s'appelle Traxgo. Nous avons continu\u00e9 \u00e0 investir dans les nouvelles technologies et la R&amp;D et avons [&hellip;]<\/p>\n","protected":false},"author":1,"featured_media":7145,"parent":0,"menu_order":0,"comment_status":"closed","ping_status":"closed","template":"","meta":{"_acf_changed":false,"footnotes":""},"class_list":["post-697","page","type-page","status-publish","has-post-thumbnail","hentry"],"acf":[],"_links":{"self":[{"href":"https:\/\/www.traxgo.be\/fr\/wp-json\/wp\/v2\/pages\/697","targetHints":{"allow":["GET"]}}],"collection":[{"href":"https:\/\/www.traxgo.be\/fr\/wp-json\/wp\/v2\/pages"}],"about":[{"href":"https:\/\/www.traxgo.be\/fr\/wp-json\/wp\/v2\/types\/page"}],"author":[{"embeddable":true,"href":"https:\/\/www.traxgo.be\/fr\/wp-json\/wp\/v2\/users\/1"}],"replies":[{"embeddable":true,"href":"https:\/\/www.traxgo.be\/fr\/wp-json\/wp\/v2\/comments?post=697"}],"version-history":[{"count":44,"href":"https:\/\/www.traxgo.be\/fr\/wp-json\/wp\/v2\/pages\/697\/revisions"}],"predecessor-version":[{"id":18004,"href":"https:\/\/www.traxgo.be\/fr\/wp-json\/wp\/v2\/pages\/697\/revisions\/18004"}],"wp:featuredmedia":[{"embeddable":true,"href":"https:\/\/www.traxgo.be\/fr\/wp-json\/wp\/v2\/media\/7145"}],"wp:attachment":[{"href":"https:\/\/www.traxgo.be\/fr\/wp-json\/wp\/v2\/media?parent=697"}],"curies":[{"name":"wp","href":"https:\/\/api.w.org\/{rel}","templated":true}]}}